{"id":900,"date":"2020-09-03T16:57:02","date_gmt":"2020-09-03T14:57:02","guid":{"rendered":"https:\/\/www.autoprofitgroup.sk\/autopozicovna\/?post_type=portfolio&#038;p=900"},"modified":"2026-04-07T12:07:28","modified_gmt":"2026-04-07T10:07:28","slug":"fiat-ducato","status":"publish","type":"portfolio","link":"https:\/\/www.autoprofitgroup.sk\/autopozicovna\/vozidlo\/fiat-ducato\/","title":{"rendered":"Fiat Ducato"},"content":{"rendered":"<div id='av_section_1'  class='avia-section av-1zna2-fbaed1127284ff7c701d82334b8e326a main_color avia-section-default avia-no-border-styling  avia-builder-el-0  avia-builder-el-no-sibling  avia-bg-style-scroll container_wrap fullsize'  ><div class='container av-section-cont-open' ><main  class='template-page content  av-content-full alpha units'><div class='post-entry post-entry-type-page post-entry-900'><div class='entry-content-wrapper clearfix'>\n\n<style type=\"text\/css\" data-created_by=\"avia_inline_auto\" id=\"style-css-av-34fr24-c5c19cb0f613f368b2dbf9bac76160e4\">\n#top .av-special-heading.av-34fr24-c5c19cb0f613f368b2dbf9bac76160e4{\npadding-bottom:10px;\n}\nbody .av-special-heading.av-34fr24-c5c19cb0f613f368b2dbf9bac76160e4 .av-special-heading-tag .heading-char{\nfont-size:25px;\n}\n.av-special-heading.av-34fr24-c5c19cb0f613f368b2dbf9bac76160e4 .av-subheading{\nfont-size:15px;\n}\n<\/style>\n<div  class='av-special-heading av-34fr24-c5c19cb0f613f368b2dbf9bac76160e4 av-special-heading-h2 blockquote modern-quote  avia-builder-el-1  el_before_av_two_third  avia-builder-el-first  av-linked-heading'><h2 class='av-special-heading-tag '  >Fiat Ducato<\/h2><div class=\"special-heading-border\"><div class=\"special-heading-inner-border\"><\/div><\/div><\/div>\n\n<style type=\"text\/css\" data-created_by=\"avia_inline_auto\" id=\"style-css-av-19rke-f569c445d7d7e6a4bbfbdde3088047e2\">\n.flex_column.av-19rke-f569c445d7d7e6a4bbfbdde3088047e2{\nborder-radius:0px 0px 0px 0px;\npadding:0px 0px 0px 0px;\n}\n<\/style>\n<div  class='flex_column av-19rke-f569c445d7d7e6a4bbfbdde3088047e2 av_two_third  avia-builder-el-2  el_after_av_heading  el_before_av_one_third  first flex_column_div av-zero-column-padding  '     ><p>\n<style type=\"text\/css\" data-created_by=\"avia_inline_auto\" id=\"style-css-av-k2jp5go1-3464e98b620bb2c6e8db24b4caa64f50\">\n.avia-image-container.av-k2jp5go1-3464e98b620bb2c6e8db24b4caa64f50 img.avia_image{\nbox-shadow:none;\n}\n.avia-image-container.av-k2jp5go1-3464e98b620bb2c6e8db24b4caa64f50 .av-image-caption-overlay-center{\ncolor:#ffffff;\n}\n<\/style>\n<div  class='avia-image-container av-k2jp5go1-3464e98b620bb2c6e8db24b4caa64f50 av-styling- avia_animated_image av-animated-when-visible-95 left-to-right avia-align-center  avia-builder-el-3  el_before_av_table  avia-builder-el-first '  ><div class=\"avia-image-container-inner\"><div class=\"avia-image-overlay-wrap\"><img decoding=\"async\" fetchpriority=\"high\" class='wp-image-1352 avia-img-lazy-loading-not-1352 avia_image ' src=\"https:\/\/www.autoprofitgroup.sk\/autopozicovna\/wp-content\/uploads\/sites\/2\/2020\/09\/fiat-ducato-APG.jpg\" alt='' title='fiat ducato APG'  height=\"437\" width=\"700\" srcset=\"https:\/\/www.autoprofitgroup.sk\/autopozicovna\/wp-content\/uploads\/sites\/2\/2020\/09\/fiat-ducato-APG.jpg 700w, https:\/\/www.autoprofitgroup.sk\/autopozicovna\/wp-content\/uploads\/sites\/2\/2020\/09\/fiat-ducato-APG-300x187.jpg 300w\" sizes=\"(max-width: 700px) 100vw, 700px\" \/><\/div><\/div><\/div><br \/>\n<div class='avia-data-table-wrap av-31obqp-1ad6648c5ef7ebee23cce36abbb62517 avia_scrollable_table avia-table-1'><table  class='avia-table avia-data-table avia_pricing_default  avia-builder-el-4  el_after_av_image  el_before_av_textblock ' ><tbody><tr class='avia-heading-row'><th class=''>po\u010det dn\u00ed<\/th><th class='avia-center-col'>1<\/th><th class='avia-center-col'>2 &#8211; 4<\/th><th class='avia-center-col'>5 &#8211; 7<\/th><th class='avia-center-col'>8 &#8211; 14<\/th><th class='avia-center-col'>15 &#8211; viac<\/th><\/tr><tr class=''><td class=''>denn\u00e1 sadzba<\/td><td class='avia-center-col'>74 \u20ac<\/td><td class='avia-center-col'>70 \u20ac<br \/>\n<\/td><td class='avia-center-col'>67 \u20ac<br \/>\n<\/td><td class='avia-center-col'>63 \u20ac<\/td><td class='avia-center-col'>59 \u20ac<br \/>\n<\/td><\/tr><\/tbody><\/table><\/div><br \/>\n<section  class='av_textblock_section av-k2jq0met-941d9279ff29e5708266fe22752c8a5a '  ><div class='avia_textblock' ><div id=\"technical\" class=\"tab-pane fade active show\">\n<div>Ceny s\u00fa uveden\u00e9 v \u20ac (EUR) s DPH<\/div>\n<\/div>\n<\/div><\/section><br \/>\n<div  class='hr av-1ae0q-38f0fd5dbeb504aa9812ac152d0dfe86 hr-default  avia-builder-el-6  el_after_av_textblock  el_before_av_textblock '><span class='hr-inner '><span class=\"hr-inner-style\"><\/span><\/span><\/div><br \/>\n<section  class='av_textblock_section av-k2jq0met-15-2af851a112ed7af72629bc416227e68a '  ><div class='avia_textblock' ><div id=\"technical\" class=\"tab-pane fade active show\">\n<div><strong>E\u010cV:<\/strong> AA941JB<\/div>\n<div class=\"col-12 col-sm-6\"><strong>Palivo:<\/strong> diesel<\/div>\n<div><strong>Farba:<\/strong> biela<\/div>\n<div class=\"col-12 col-sm-6\"><strong>Objem motora:<\/strong> 2184 cm\u00b3<\/div>\n<div class=\"col-12 col-sm-6\"><strong>V\u00fdkon motora:<\/strong> 118 kW<br \/>\n<strong>Prevodovka:<\/strong> manu\u00e1lna &#8211; 6 stup\u0148ov\u00e1<\/div>\n<div class=\"col-12 col-sm-6\"><strong>Pohon:<\/strong>\u00a0predn\u00fd<\/div>\n<div><strong>Kombinovan\u00e1 spotreba: <\/strong>6,2 l<strong><br \/>\n<\/strong><\/div>\n<div><strong>Po\u010det miest: <\/strong>3<\/div>\n<div><b>D\u00e1tum prvej registr\u00e1cie:\u00a0<\/b>09.06.2022<br \/>\n<b>Dia\u013eni\u010dn\u00e1 zn\u00e1mka:\u00a0<\/b>platn\u00e1 SK<\/div>\n<\/div>\n<\/div><\/section><br \/>\n<div  class='hr av-19vnm-20107dbbb4625ca33b220918617408a4 hr-default  avia-builder-el-8  el_after_av_textblock  avia-builder-el-last '><span class='hr-inner '><span class=\"hr-inner-style\"><\/span><\/span><\/div><\/p><\/div>\n<style type=\"text\/css\" data-created_by=\"avia_inline_auto\" id=\"style-css-av-peji-bb9c6be5bf0f8c69f14df13f6b5e37dd\">\n.flex_column.av-peji-bb9c6be5bf0f8c69f14df13f6b5e37dd{\nborder-radius:0px 0px 0px 0px;\npadding:0px 0px 0px 0px;\n}\n<\/style>\n<div  class='flex_column av-peji-bb9c6be5bf0f8c69f14df13f6b5e37dd av_one_third  avia-builder-el-9  el_after_av_two_third  avia-builder-el-last  flex_column_div av-zero-column-padding  '     ><p>\n<style type=\"text\/css\" data-created_by=\"avia_inline_auto\" id=\"style-css-av-av_font_icon-915ded668466841dd354485c1d3265d7\">\n.av_font_icon.av-av_font_icon-915ded668466841dd354485c1d3265d7{\ncolor:#0095eb;\nborder-color:#0095eb;\n}\n.avia-svg-icon.av-av_font_icon-915ded668466841dd354485c1d3265d7 svg:first-child{\nstroke:#0095eb;\nfill:#0095eb;\n}\n.av_font_icon.av-av_font_icon-915ded668466841dd354485c1d3265d7 .av-icon-char{\nfont-size:40px;\nline-height:40px;\nwidth:40px;\n}\n<\/style>\n<span  class='av_font_icon av-av_font_icon-915ded668466841dd354485c1d3265d7 avia_animate_when_visible av-icon-style-border avia-icon-pos-left avia-iconfont avia-font-entypo-fontello avia-icon-animate'><a href='https:\/\/www.autoprofitgroup.sk\/klub\/'   class='av-icon-char' data-av_icon='\ue8cf' data-av_iconfont='entypo-fontello' aria-hidden=\"false\" ><\/a><\/span><br \/>\n\n<style type=\"text\/css\" data-created_by=\"avia_inline_auto\" id=\"style-css-av-av_hr-50edc9949d927eab467680f201044eec\">\n#top .hr.hr-invisible.av-av_hr-50edc9949d927eab467680f201044eec{\nheight:25px;\n}\n<\/style>\n<div  class='hr av-av_hr-50edc9949d927eab467680f201044eec hr-invisible  avia-builder-el-11  el_after_av_font_icon  el_before_av_textblock '><span class='hr-inner '><span class=\"hr-inner-style\"><\/span><\/span><\/div><br \/>\n<section  class='av_textblock_section av-av_textblock-bbeb188be78a72d394ec050dfb53272b '  ><div class='avia_textblock' ><h3><strong>15% Z\u013dAVA<\/strong><\/h3>\n<p style=\"text-align: left;\">Z\u013eava na autopo\u017ei\u010dov\u0148u<br \/>\npre \u010dlenov vernostn\u00e9ho klubu.<\/p>\n<\/div><\/section><br \/>\n<div  class='avia-button-wrap av-av_button-691dca6bbca4bb0f6e8374b97f1b6642-wrap avia-button-left  avia-builder-el-13  el_after_av_textblock  el_before_av_hr '><a href='https:\/\/www.autoprofitgroup.sk\/klub\/'  class='avia-button av-av_button-691dca6bbca4bb0f6e8374b97f1b6642 av-link-btn avia-icon_select-no avia-size-small avia-position-left avia-color-theme-color-highlight'   aria-label=\"CHCEM SA STA\u0164 \u010cLENOM\"><span class='avia_iconbox_title' >CHCEM SA STA\u0164 \u010cLENOM<\/span><\/a><\/div><br \/>\n<div  class='hr av-av_hr-23b3846cdd0fbd0e234720a594f6db24 hr-default  avia-builder-el-14  el_after_av_button  el_before_av_heading '><span class='hr-inner '><span class=\"hr-inner-style\"><\/span><\/span><\/div><br \/>\n\n<style type=\"text\/css\" data-created_by=\"avia_inline_auto\" id=\"style-css-av-ax35o-9a661ce66caefa79b11b76345a111a6d\">\n#top .av-special-heading.av-ax35o-9a661ce66caefa79b11b76345a111a6d{\npadding-bottom:15px;\n}\nbody .av-special-heading.av-ax35o-9a661ce66caefa79b11b76345a111a6d .av-special-heading-tag .heading-char{\nfont-size:25px;\n}\n.av-special-heading.av-ax35o-9a661ce66caefa79b11b76345a111a6d .av-subheading{\nfont-size:12px;\n}\n<\/style>\n<div  class='av-special-heading av-ax35o-9a661ce66caefa79b11b76345a111a6d av-special-heading-h3 blockquote modern-quote  avia-builder-el-15  el_after_av_hr  el_before_av_textblock  av-linked-heading'><h3 class='av-special-heading-tag '  >Rezerv\u00e1cia vozidla<\/h3><div class=\"special-heading-border\"><div class=\"special-heading-inner-border\"><\/div><\/div><\/div><br \/>\n\n<style type=\"text\/css\" data-created_by=\"avia_inline_auto\" id=\"style-css-av-k2ki2flf-4cc5c8cb46e6625b34db5d116d18afe3\">\n#top .av_textblock_section.av-k2ki2flf-4cc5c8cb46e6625b34db5d116d18afe3 .avia_textblock{\nfont-size:12px;\n}\n<\/style>\n<section  class='av_textblock_section av-k2ki2flf-4cc5c8cb46e6625b34db5d116d18afe3 '  ><div class='avia_textblock' ><p style=\"text-align: left;\">kliknite na dni v kalend\u00e1ri kedy potrebujete na\u0161e vozidlo.<br \/>\nJe vami po\u017eadovan\u00fd term\u00edn pre toto vozidlo obsaden\u00fd?<br \/>\n<strong>Nev\u00e1hajte n\u00e1s kontaktova\u0165 pre alternat\u00edvnu ponuku.<\/strong><\/p>\n<\/div><\/section><br \/>\n<div  class='avia-button-wrap av-k2kqb3gp-88d531e0d96ae693242cf6ee1630016f-wrap avia-button-left  avia-builder-el-17  el_after_av_textblock  el_before_av_hr '><a href='tel:+421907325335'  class='avia-button av-k2kqb3gp-88d531e0d96ae693242cf6ee1630016f av-link-btn avia-icon_select-yes-left-icon avia-size-large avia-position-left avia-color-theme-color-highlight'   aria-label=\"+421 907 325 335\"><span class='avia_button_icon avia_button_icon_left avia-iconfont avia-font-entypo-fontello' data-av_icon='\ue854' data-av_iconfont='entypo-fontello' ><\/span><span class='avia_iconbox_title' >+421 907 325 335<\/span><\/a><\/div><br \/>\n\n<style type=\"text\/css\" data-created_by=\"avia_inline_auto\" id=\"style-css-av-k2ki7zdo-a5ca51d213cf471b4f20df5437151c92\">\n#top .hr.hr-invisible.av-k2ki7zdo-a5ca51d213cf471b4f20df5437151c92{\nheight:20px;\n}\n<\/style>\n<div  class='hr av-k2ki7zdo-a5ca51d213cf471b4f20df5437151c92 hr-invisible  avia-builder-el-18  el_after_av_button  el_before_av_textblock '><span class='hr-inner '><span class=\"hr-inner-style\"><\/span><\/span><\/div><br \/>\n<section  class='av_textblock_section av-k2hj3b3a-eb20cebda5db009696e07d923c8c4a5b '  ><div class='avia_textblock' > <div id=\"form_id750104986074\"  class=\"wpbc_container wpbc_form wpbc_container_booking_form  \" ><form  id=\"booking_form25\"   class=\"booking_form vertical\" method=\"post\" action=\"\"><div id=\"ajax_respond_insert25\" class=\"ajax_respond_insert\" style=\"display:none;\"><\/div><a name=\"bklnk25\" id=\"bklnk25\"><\/a><div id=\"booking_form_div25\" class=\"booking_form_div\"><div class=\"wpbc_booking_form_structure wpbc_vertical\">\r\n  <div class=\"wpbc_structure_calendar\">\r\n    <div class=\"wpbc_calendar_wraper wpbc_change_over_triangle\"><style type=\"text\/css\" rel=\"stylesheet\" >.hasDatepick .datepick-inline .datepick-title-row th,.hasDatepick .datepick-inline .datepick-days-cell{ height: 33px; }<\/style><div class=\"wpbc_cal_container bk_calendar_frame months_num_in_row_1 cal_month_num_1 wpbc_timeslot_day_bg_as_available\" style=\"width:100%;max-width:100%;\"><div id=\"calendar_booking25\">Na\u010d\u00edtavam kalend\u00e1r...<\/div><\/div><textarea id=\"date_booking25\" name=\"date_booking25\" autocomplete=\"off\" style=\"display:none;\"><\/textarea><div class=\"block_hints datepick \"><div class=\"wpdev_hint_with_text\"><div class=\"block_free datepick-days-cell\"><a>&nbsp;<\/a><\/div><div class=\"block_text\">- <\/div><div class=\"block_text\">K dispoz\u00edcii<\/div><\/div><div class=\"wpdev_hint_with_text\"><div class=\"block_booked date_approved\">&nbsp;<\/div><div class=\"block_text\">- <\/div><div class=\"block_text\">Obsaden\u00e9<\/div><\/div><div class=\"wpdev_hint_with_text\"><div class=\"\"><span class=\" wpbc_timeslot_day_bg_as_available wpbc_change_over_triangle\"><div class=\"datepick-inline wpbc_calendar_legend_table_width_height\"><table class=\"datepick\" style=\"\"><tbody><tr><td class=\"datepick-days-cell date_available date2approve timespartly times_clock wpbc_calendar_legend_day_cell_height\"><div class=\"wpbc-cell-box\">\t<div class=\"wpbc-diagonal-el\">\t\t<div class=\"wpbc-co-out\"><svg height=\"100%\" width=\"100%\" viewBox=\"0 0 100 100\" preserveAspectRatio=\"none\"><polygon points=\"0,0 0,99 99,0\"><\/polygon><polygon points=\"0,0 0,100 49,100 49,0\"><\/polygon><\/svg><\/div>\t\t<div class=\"wpbc-co-in\"><svg height=\"100%\" width=\"100%\" viewBox=\"0 0 98 98\" preserveAspectRatio=\"none\"><polygon points=\"0,99 99,99 99,0\"><\/polygon><polygon points=\"50,98 98,98 98,0 50,0\"><\/polygon><\/svg><\/div>\t<\/div>\t<div class=\"date-cell-content\">\t\t<div class=\"date-content-top\"><div class=\"wpbc_time_dots\">\u00b7<\/div><\/div>\t\t<a>&nbsp;<\/a>\t\t<div class=\"date-content-bottom\"><\/div>\t<\/div><\/div><\/td><\/tr><\/tbody><\/table><\/div><\/span><\/div><div class=\"block_text\">- <\/div><div class=\"block_text\">\u010ciasto\u010dne rezervovan\u00e9<\/div><\/div><\/div><\/div>\r\n  <\/div>\r\n  <div class=\"wpbc_structure_form\">\r\n     <p>Va\u0161e meno a priezvisko*:<br \/><span class=\"wpbc_wrap_text wpdev-form-control-wrap name25\"><input type=\"text\" name=\"name25\" value=\"\" autocomplete=\"name\" class=\"wpdev-validates-as-required\" size=\"40\" \/><\/span><\/p>\r\n     <p>Email*:<br \/><span class=\"wpbc_wrap_text wpdev-form-control-wrap email25\"><input type=\"text\" name=\"email25\" value=\"\" autocomplete=\"email\" class=\"wpdev-validates-as-email wpdev-validates-as-required\" size=\"40\" \/><\/span><\/p>\r\n     <p>Tel.*:<br \/><span class=\"wpbc_wrap_text wpdev-form-control-wrap phone25\"><input type=\"text\" name=\"phone25\" value=\"\" autocomplete=\"phone\" class=\"wpdev-validates-as-required\" size=\"40\" \/><\/span><\/p>\r\n\t <p>Pozn\u00e1mka:<br \/><span class=\"wpbc_wrap_textarea wpdev-form-control-wrap details25\"><textarea name=\"details25\" autocomplete=\"details\"><\/textarea><\/span><\/p>\r\n     <p><span class=\"wpbc_wrap_checkbox wpdev-form-control-wrap pretalsomsipravidlohadomochranyosobnchdajovashlasmsnimi25\"><span autocomplete=\"pretalsomsipravidlohadomochranyosobnchdajovashlasmsnimi\" class=\"wpdev-validates-as-required wpdev-checkbox\"><span class=\"wpdev-list-item\"><input  autocomplete=\"pretalsomsipravidlohadomochranyosobnchdajovashlasmsnimi\" class=\"wpdev-validates-as-required wpdev-checkbox\" id=\"checkboxid177749996706299\"  onchange=\"javascript:if(typeof( showCostHintInsideBkForm ) == 'function') {  showCostHintInsideBkForm(25);}\"  type=\"checkbox\"  name=\"pretalsomsipravidlohadomochranyosobnchdajovashlasmsnimi25[]\"  value=\"Prehlasujem, \u017ee som bol obozn\u00e1men\u00fd s inform\u00e1ciami pod\u013ea \u010dl\u00e1nku 13 Nariadenia Eur\u00f3pskeho parlamentu a Rady (E\u00da) 2016\/679 o ochrane fyzick\u00fdch os\u00f4b pri sprac\u00favan\u00ed osobn\u00fdch \u00fadajov. Bli\u017e\u0161ie inform\u00e1cie n\u00e1jdete na &lt;a href=https:\/\/www.autoprofitgroup.sk\/ochrana-osobnych-udajov\/ target=_blank rel=noopener&gt;ochrana osobn\u00fdch \u00fadajov&lt;\/a&gt;\" \/><label for=\"checkboxid177749996706299\"  class=\"wpdev-list-item-label\">Prehlasujem, \u017ee som bol obozn\u00e1men\u00fd s inform\u00e1ciami pod\u013ea \u010dl\u00e1nku 13 Nariadenia Eur\u00f3pskeho parlamentu a Rady (E\u00da) 2016\/679 o ochrane fyzick\u00fdch os\u00f4b pri sprac\u00favan\u00ed osobn\u00fdch \u00fadajov. Bli\u017e\u0161ie inform\u00e1cie n\u00e1jdete na <a href=https:\/\/www.autoprofitgroup.sk\/ochrana-osobnych-udajov\/ target=_blank rel=noopener>ochrana osobn\u00fdch \u00fadajov<\/a><\/label><\/span><\/span><\/span><\/p>\r\n     <p><span class=\"wpbc_text_captcha_container wpdev-form-control-wrap \"><input  autocomplete=\"off\" type=\"hidden\" name=\"wpdev_captcha_challenge_25\"  id=\"wpdev_captcha_challenge_25\" value=\"1997584154\" \/><input  autocomplete=\"off\" type=\"text\" class=\"captachinput\" value=\"\" name=\"captcha_input25\" id=\"captcha_input25\" \/><img decoding=\"async\" class=\"captcha_img\"  id=\"captcha_img25\" alt=\"To show CAPTCHA, please deactivate cache plugin or exclude this page from caching or disable CAPTCHA at WP Booking Calendar - Settings General page in Form Options section.\" src=\"https:\/\/www.autoprofitgroup.sk\/autopozicovna\/wp-content\/plugins\/booking.personal.10.8\/js\/captcha\/tmp\/1997584154.png\" \/><\/span><\/p>\r\n     <p><input type=\"button\" value=\"Odosla\u0165\" class=\"wpbc_button_light btn\" onclick=\"mybooking_submit(this.form,25, 'sk_SK' );\" \/><\/p>\r\n  <\/div>\r\n<\/div>\r\n<div class=\"wpbc_booking_form_footer\"><\/div><input id=\"bk_type25\" name=\"bk_type25\" class=\"\" type=\"hidden\" value=\"25\" \/><\/div><div id=\"submiting25\"><\/div><div class=\"form_bk_messages\" id=\"form_bk_messages25\" ><\/div><input type=\"hidden\" id=\"wpbc_nonceCALCULATE_THE_COST25\" name=\"wpbc_nonceCALCULATE_THE_COST25\" value=\"1eda6d0c4e\" \/><input type=\"hidden\" name=\"_wp_http_referer\" value=\"\/autopozicovna\/wp-json\/wp\/v2\/portfolio\/900\" \/><\/form><\/div><div id=\"booking_form_garbage25\" class=\"booking_form_garbage\"><\/div><script type=\"text\/javascript\"> (function() { var a = setInterval( function() {  if ( ( 'undefined' === typeof jQuery ) || ! window.jQuery ) { return; } clearInterval( a ); jQuery( document ).ready( function (){ jQuery(\".widget_wpdev_booking .booking_form.form-horizontal\").removeClass(\"form-horizontal\");\n                                    var visible_calendars_count = _wpbc.get_other_param( \"calendars__on_this_page\" ).length;\n                                    if (visible_calendars_count !== null ) {\n                                        for (var i=0;i< visible_calendars_count ;i++){\n                                          if ( _wpbc.get_other_param( \"calendars__on_this_page\" )[i] === 25 ) {\n                                              document.getElementById(\"form_id750104986074\").innerHTML = \"<span style='color:#A00;font-size:10px;'>Pozor! Rezerva\u010dn\u00fd kalend\u00e1r pre rezerv\u00e1ciu tohto zariadenia u\u017e je na str\u00e1nke, pozrite si pros\u00edm viac oh\u013eadom tohto na tejto str\u00e1nke: https:\/\/wpbookingcalendar.com\/faq\/why-the-booking-calendar-widget-not-show-on-page\/<\/span>\";                                                                                                  \n                                              jQuery(\"#form_id750104986074\").animate( {opacity: 1}, 10000 ).fadeOut(5000);\n                                              return;\n                                          }\n                                        }\n                                        _wpbc.get_other_param( \"calendars__on_this_page\" )[ visible_calendars_count ]=25;\n                                    } } ); }, 500 ); })();<\/script> <script type=\"text\/javascript\"> (function() { var a = setInterval( function() {  if ( ( 'undefined' === typeof jQuery ) || ! window.jQuery ) { return; } clearInterval( a ); jQuery( document ).ready( function (){ _wpbc.balancer__set_max_threads( 3 );  _wpbc.calendar__set_param_value( 25 , 'calendar_scroll_to' , false );  _wpbc.calendar__set_param_value( 25 , 'booking_max_monthes_in_calendar' , '1y' );  _wpbc.calendar__set_param_value( 25 , 'booking_start_day_weeek' , '1' );  _wpbc.calendar__set_param_value( 25 , 'calendar_number_of_months' , '1' );   _wpbc.calendar__set_param_value( 25, 'days_select_mode', 'multiple' );   _wpbc.calendar__set_param_value( 25, 'fixed__days_num', 0 );   _wpbc.calendar__set_param_value( 25, 'fixed__week_days__start',   [] );   _wpbc.calendar__set_param_value( 25, 'dynamic__days_min', 0 );   _wpbc.calendar__set_param_value( 25, 'dynamic__days_max', 0 );   _wpbc.calendar__set_param_value( 25, 'dynamic__days_specific',    [] );   _wpbc.calendar__set_param_value( 25, 'dynamic__week_days__start', [] );   _wpbc.calendar__set_param_value( 25, 'booking_date_format', 'j. F Y' );   _wpbc.calendar__set_param_value( 25, 'booking_time_format', 'G:i' );   if ( 'function' === typeof ( wpbc__conditions__SAVE_INITIAL__days_selection_params__bm ) ){ wpbc__conditions__SAVE_INITIAL__days_selection_params__bm( 25 ); }   wpbc_calendar_show( '25' );   _wpbc.set_secure_param( 'nonce',   'cacab81ab4' );   _wpbc.set_secure_param( 'user_id', '0' );   _wpbc.set_secure_param( 'locale',  'sk_SK' );  wpbc_calendar__load_data__ajx( {\"resource_id\":25,\"booking_hash\":\"\",\"request_uri\":\"\\\/autopozicovna\\\/wp-json\\\/wp\\\/v2\\\/portfolio\\\/900\",\"custom_form\":\"standard\",\"aggregate_resource_id_str\":\"25,25\",\"aggregate_type\":\"all\"} ); } ); }, 500 ); })();<\/script>\n<\/div><\/section><\/p><\/div>\n","protected":false},"excerpt":{"rendered":"","protected":false},"author":1,"featured_media":1467,"comment_status":"closed","ping_status":"closed","template":"","meta":{"footnotes":""},"tags":[],"portfolio_entries":[13,9],"class_list":["post-900","portfolio","type-portfolio","status-publish","has-post-thumbnail","hentry","portfolio_entries-cadca","portfolio_entries-uzitkove"],"yoast_head":"<!-- This site is optimized with the Yoast SEO plugin v26.5 - https:\/\/yoast.com\/wordpress\/plugins\/seo\/ -->\n<title>Fiat Ducato - Autoprofit Rent<\/title>\n<meta name=\"robots\" content=\"index, follow, max-snippet:-1, max-image-preview:large, max-video-preview:-1\" \/>\n<link rel=\"canonical\" href=\"https:\/\/www.autoprofitgroup.sk\/autopozicovna\/vozidlo\/fiat-ducato\/\" \/>\n<meta property=\"og:locale\" content=\"sk_SK\" \/>\n<meta property=\"og:type\" content=\"article\" \/>\n<meta property=\"og:title\" content=\"Fiat Ducato - Autoprofit Rent\" \/>\n<meta property=\"og:url\" content=\"https:\/\/www.autoprofitgroup.sk\/autopozicovna\/vozidlo\/fiat-ducato\/\" \/>\n<meta property=\"og:site_name\" content=\"Autoprofit Rent\" \/>\n<meta property=\"article:modified_time\" content=\"2026-04-07T10:07:28+00:00\" \/>\n<meta property=\"og:image\" content=\"https:\/\/www.autoprofitgroup.sk\/autopozicovna\/wp-content\/uploads\/sites\/2\/2020\/09\/Autopozicovna-nahladove-obrazky-4.jpg\" \/>\n\t<meta property=\"og:image:width\" content=\"705\" \/>\n\t<meta property=\"og:image:height\" content=\"384\" \/>\n\t<meta property=\"og:image:type\" content=\"image\/jpeg\" \/>\n<meta name=\"twitter:card\" content=\"summary_large_image\" \/>\n<meta name=\"twitter:label1\" content=\"Predpokladan\u00fd \u010das \u010d\u00edtania\" \/>\n\t<meta name=\"twitter:data1\" content=\"2 min\u00faty\" \/>\n<script type=\"application\/ld+json\" class=\"yoast-schema-graph\">{\"@context\":\"https:\/\/schema.org\",\"@graph\":[{\"@type\":\"WebPage\",\"@id\":\"https:\/\/www.autoprofitgroup.sk\/autopozicovna\/vozidlo\/fiat-ducato\/\",\"url\":\"https:\/\/www.autoprofitgroup.sk\/autopozicovna\/vozidlo\/fiat-ducato\/\",\"name\":\"Fiat Ducato - Autoprofit Rent\",\"isPartOf\":{\"@id\":\"https:\/\/www.autoprofitgroup.sk\/autopozicovna\/#website\"},\"primaryImageOfPage\":{\"@id\":\"https:\/\/www.autoprofitgroup.sk\/autopozicovna\/vozidlo\/fiat-ducato\/#primaryimage\"},\"image\":{\"@id\":\"https:\/\/www.autoprofitgroup.sk\/autopozicovna\/vozidlo\/fiat-ducato\/#primaryimage\"},\"thumbnailUrl\":\"https:\/\/www.autoprofitgroup.sk\/autopozicovna\/wp-content\/uploads\/sites\/2\/2020\/09\/Autopozicovna-nahladove-obrazky-4.jpg\",\"datePublished\":\"2020-09-03T14:57:02+00:00\",\"dateModified\":\"2026-04-07T10:07:28+00:00\",\"breadcrumb\":{\"@id\":\"https:\/\/www.autoprofitgroup.sk\/autopozicovna\/vozidlo\/fiat-ducato\/#breadcrumb\"},\"inLanguage\":\"sk-SK\",\"potentialAction\":[{\"@type\":\"ReadAction\",\"target\":[\"https:\/\/www.autoprofitgroup.sk\/autopozicovna\/vozidlo\/fiat-ducato\/\"]}]},{\"@type\":\"ImageObject\",\"inLanguage\":\"sk-SK\",\"@id\":\"https:\/\/www.autoprofitgroup.sk\/autopozicovna\/vozidlo\/fiat-ducato\/#primaryimage\",\"url\":\"https:\/\/www.autoprofitgroup.sk\/autopozicovna\/wp-content\/uploads\/sites\/2\/2020\/09\/Autopozicovna-nahladove-obrazky-4.jpg\",\"contentUrl\":\"https:\/\/www.autoprofitgroup.sk\/autopozicovna\/wp-content\/uploads\/sites\/2\/2020\/09\/Autopozicovna-nahladove-obrazky-4.jpg\",\"width\":705,\"height\":384},{\"@type\":\"BreadcrumbList\",\"@id\":\"https:\/\/www.autoprofitgroup.sk\/autopozicovna\/vozidlo\/fiat-ducato\/#breadcrumb\",\"itemListElement\":[{\"@type\":\"ListItem\",\"position\":1,\"name\":\"Home\",\"item\":\"https:\/\/www.autoprofitgroup.sk\/autopozicovna\/autoprofit-group-pozicovna\/\"},{\"@type\":\"ListItem\",\"position\":2,\"name\":\"Fiat Ducato\"}]},{\"@type\":\"WebSite\",\"@id\":\"https:\/\/www.autoprofitgroup.sk\/autopozicovna\/#website\",\"url\":\"https:\/\/www.autoprofitgroup.sk\/autopozicovna\/\",\"name\":\"Autoprofit Rent\",\"description\":\"Autoprofit Group - po\u017ei\u010dov\u0148a vozidiel\",\"potentialAction\":[{\"@type\":\"SearchAction\",\"target\":{\"@type\":\"EntryPoint\",\"urlTemplate\":\"https:\/\/www.autoprofitgroup.sk\/autopozicovna\/?s={search_term_string}\"},\"query-input\":{\"@type\":\"PropertyValueSpecification\",\"valueRequired\":true,\"valueName\":\"search_term_string\"}}],\"inLanguage\":\"sk-SK\"}]}<\/script>\n<!-- \/ Yoast SEO plugin. -->","yoast_head_json":{"title":"Fiat Ducato - Autoprofit Rent","robots":{"index":"index","follow":"follow","max-snippet":"max-snippet:-1","max-image-preview":"max-image-preview:large","max-video-preview":"max-video-preview:-1"},"canonical":"https:\/\/www.autoprofitgroup.sk\/autopozicovna\/vozidlo\/fiat-ducato\/","og_locale":"sk_SK","og_type":"article","og_title":"Fiat Ducato - Autoprofit Rent","og_url":"https:\/\/www.autoprofitgroup.sk\/autopozicovna\/vozidlo\/fiat-ducato\/","og_site_name":"Autoprofit Rent","article_modified_time":"2026-04-07T10:07:28+00:00","og_image":[{"width":705,"height":384,"url":"https:\/\/www.autoprofitgroup.sk\/autopozicovna\/wp-content\/uploads\/sites\/2\/2020\/09\/Autopozicovna-nahladove-obrazky-4.jpg","type":"image\/jpeg"}],"twitter_card":"summary_large_image","twitter_misc":{"Predpokladan\u00fd \u010das \u010d\u00edtania":"2 min\u00faty"},"schema":{"@context":"https:\/\/schema.org","@graph":[{"@type":"WebPage","@id":"https:\/\/www.autoprofitgroup.sk\/autopozicovna\/vozidlo\/fiat-ducato\/","url":"https:\/\/www.autoprofitgroup.sk\/autopozicovna\/vozidlo\/fiat-ducato\/","name":"Fiat Ducato - Autoprofit Rent","isPartOf":{"@id":"https:\/\/www.autoprofitgroup.sk\/autopozicovna\/#website"},"primaryImageOfPage":{"@id":"https:\/\/www.autoprofitgroup.sk\/autopozicovna\/vozidlo\/fiat-ducato\/#primaryimage"},"image":{"@id":"https:\/\/www.autoprofitgroup.sk\/autopozicovna\/vozidlo\/fiat-ducato\/#primaryimage"},"thumbnailUrl":"https:\/\/www.autoprofitgroup.sk\/autopozicovna\/wp-content\/uploads\/sites\/2\/2020\/09\/Autopozicovna-nahladove-obrazky-4.jpg","datePublished":"2020-09-03T14:57:02+00:00","dateModified":"2026-04-07T10:07:28+00:00","breadcrumb":{"@id":"https:\/\/www.autoprofitgroup.sk\/autopozicovna\/vozidlo\/fiat-ducato\/#breadcrumb"},"inLanguage":"sk-SK","potentialAction":[{"@type":"ReadAction","target":["https:\/\/www.autoprofitgroup.sk\/autopozicovna\/vozidlo\/fiat-ducato\/"]}]},{"@type":"ImageObject","inLanguage":"sk-SK","@id":"https:\/\/www.autoprofitgroup.sk\/autopozicovna\/vozidlo\/fiat-ducato\/#primaryimage","url":"https:\/\/www.autoprofitgroup.sk\/autopozicovna\/wp-content\/uploads\/sites\/2\/2020\/09\/Autopozicovna-nahladove-obrazky-4.jpg","contentUrl":"https:\/\/www.autoprofitgroup.sk\/autopozicovna\/wp-content\/uploads\/sites\/2\/2020\/09\/Autopozicovna-nahladove-obrazky-4.jpg","width":705,"height":384},{"@type":"BreadcrumbList","@id":"https:\/\/www.autoprofitgroup.sk\/autopozicovna\/vozidlo\/fiat-ducato\/#breadcrumb","itemListElement":[{"@type":"ListItem","position":1,"name":"Home","item":"https:\/\/www.autoprofitgroup.sk\/autopozicovna\/autoprofit-group-pozicovna\/"},{"@type":"ListItem","position":2,"name":"Fiat Ducato"}]},{"@type":"WebSite","@id":"https:\/\/www.autoprofitgroup.sk\/autopozicovna\/#website","url":"https:\/\/www.autoprofitgroup.sk\/autopozicovna\/","name":"Autoprofit Rent","description":"Autoprofit Group - po\u017ei\u010dov\u0148a vozidiel","potentialAction":[{"@type":"SearchAction","target":{"@type":"EntryPoint","urlTemplate":"https:\/\/www.autoprofitgroup.sk\/autopozicovna\/?s={search_term_string}"},"query-input":{"@type":"PropertyValueSpecification","valueRequired":true,"valueName":"search_term_string"}}],"inLanguage":"sk-SK"}]}},"_links":{"self":[{"href":"https:\/\/www.autoprofitgroup.sk\/autopozicovna\/wp-json\/wp\/v2\/portfolio\/900","targetHints":{"allow":["GET"]}}],"collection":[{"href":"https:\/\/www.autoprofitgroup.sk\/autopozicovna\/wp-json\/wp\/v2\/portfolio"}],"about":[{"href":"https:\/\/www.autoprofitgroup.sk\/autopozicovna\/wp-json\/wp\/v2\/types\/portfolio"}],"author":[{"embeddable":true,"href":"https:\/\/www.autoprofitgroup.sk\/autopozicovna\/wp-json\/wp\/v2\/users\/1"}],"replies":[{"embeddable":true,"href":"https:\/\/www.autoprofitgroup.sk\/autopozicovna\/wp-json\/wp\/v2\/comments?post=900"}],"version-history":[{"count":14,"href":"https:\/\/www.autoprofitgroup.sk\/autopozicovna\/wp-json\/wp\/v2\/portfolio\/900\/revisions"}],"predecessor-version":[{"id":1812,"href":"https:\/\/www.autoprofitgroup.sk\/autopozicovna\/wp-json\/wp\/v2\/portfolio\/900\/revisions\/1812"}],"wp:featuredmedia":[{"embeddable":true,"href":"https:\/\/www.autoprofitgroup.sk\/autopozicovna\/wp-json\/wp\/v2\/media\/1467"}],"wp:attachment":[{"href":"https:\/\/www.autoprofitgroup.sk\/autopozicovna\/wp-json\/wp\/v2\/media?parent=900"}],"wp:term":[{"taxonomy":"post_tag","embeddable":true,"href":"https:\/\/www.autoprofitgroup.sk\/autopozicovna\/wp-json\/wp\/v2\/tags?post=900"},{"taxonomy":"portfolio_entries","embeddable":true,"href":"https:\/\/www.autoprofitgroup.sk\/autopozicovna\/wp-json\/wp\/v2\/portfolio_entries?post=900"}],"curies":[{"name":"wp","href":"https:\/\/api.w.org\/{rel}","templated":true}]}}